{"id":56,"date":"2014-03-18T19:48:36","date_gmt":"2014-03-18T18:48:36","guid":{"rendered":"http:\/\/www.farnostliskovec.cz\/?page_id=56"},"modified":"2019-02-02T19:42:49","modified_gmt":"2019-02-02T18:42:49","slug":"individualni-svatosti-old","status":"publish","type":"page","link":"https:\/\/www.farnostliskovec.cz\/?page_id=56","title":{"rendered":"Individu\u00e1ln\u00ed sv\u00e1tosti-old"},"content":{"rendered":"<p><strong>K\u0159est d\u011bt\u00ed<\/strong><\/p>\n<p>K\u0159est je vyzn\u00e1n\u00ed v\u00edry, v\u010dlen\u011bn\u00ed do spole\u010denstv\u00ed c\u00edrkve a p\u0159ijet\u00ed v\u0161ech dar\u016f a z\u00e1vazk\u016f, kter\u00e9 z\u00a0toho vypl\u00fdvaj\u00ed. V\u00a0p\u0159\u00edpad\u011b mal\u00e9ho d\u00edt\u011bte toto rozhodnut\u00ed jeho jm\u00e9nem mohou u\u010dinit pouze rodi\u010de.<\/p>\n<p>Aby d\u00edt\u011b mohlo p\u0159ijmout k\u0159est, je tedy nutn\u00fd souhlas rodi\u010d\u016f nebo alespo\u0148 jednoho z\u00a0nich, p\u0159\u00edpadn\u011b t\u011bch, kte\u0159\u00ed jsou z\u00e1konn\u011b na jejich m\u00edst\u011b. Z\u00e1rove\u0148 je d\u016fle\u017eit\u00e1 opodstatn\u011bn\u00e1 nad\u011bje, \u017ee bude d\u00edt\u011b vychov\u00e1v\u00e1no v\u00a0katolick\u00e9m n\u00e1bo\u017eenstv\u00ed. Jestli\u017ee tato nad\u011bje zcela chyb\u00ed, k\u0159est se odlo\u017e\u00ed. Alespo\u0148 jeden z\u00a0rodi\u010d\u016f mus\u00ed b\u00fdt pok\u0159t\u011bn a p\u0159edpokl\u00e1d\u00e1 se, \u017ee rodi\u010de maj\u00ed uzav\u0159en\u00fd c\u00edrkevn\u00ed s\u0148atek.<\/p>\n<p>Pokud rodi\u010de d\u00edt\u011bte nemaj\u00ed bydli\u0161t\u011b v\u00a0na\u0161\u00ed farnosti, je nutn\u00fd souhlas se k\u0159tem far\u00e1\u0159e z\u00a0m\u00edsta jejich bydli\u0161t\u011b.<\/p>\n<p>P\u0159ed k\u0159tem se kon\u00e1 p\u0159\u00edprava. Na tuto p\u0159\u00edpravu je t\u0159eba si p\u0159edem domluvit osobn\u00ed setk\u00e1n\u00ed s\u00a0kn\u011bzem. K\u0159est se ud\u011bluje v\u00a0ned\u011bli.<\/p>\n<p><strong>K\u0159est dosp\u011bl\u00fdch<\/strong><\/p>\n<p>P\u0159ed k\u0159tem se kon\u00e1 katechumen\u00e1t, kter\u00fd trv\u00e1 jeden rok. \u017d\u00e1d\u00e1-li o k\u0159est dosp\u011bl\u00fd, je t\u0159eba se nejd\u0159\u00edve domluvit na osobn\u00edm setk\u00e1n\u00ed s\u00a0kn\u011bzem.<\/p>\n<p><strong>Man\u017eelstv\u00ed<\/strong><\/p>\n<p>C\u00edrkevn\u00ed s\u0148atek je mo\u017en\u00e9 uzav\u0159\u00edt, je-li alespo\u0148 jeden ze snoubenc\u016f pok\u0159t\u011bn\u00fd katol\u00edk. Je-li jeden ze snoubenc\u016f nekatol\u00edk nebo nepok\u0159t\u011bn\u00fd, ale souhlas\u00ed s\u00a0formou a z\u00e1vazky katolick\u00e9ho man\u017eelstv\u00ed, vy\u0159izuje se dovolen\u00ed od biskupa. C\u00edrkevn\u00ed s\u0148atek je mo\u017en\u00e9 uzav\u0159\u00edt, jsou-li oba snoubenci svobodn\u00ed. Je-li jeden nebo oba ze snoubenc\u016f rozveden\u00fd, je nutn\u00e1 sch\u016fzka s\u00a0kn\u011bzem, kde se rozhodne, zda podle c\u00edrkevn\u00edho pr\u00e1va je mo\u017en\u00e9 s\u0148atek p\u0159ed c\u00edrkv\u00ed uzav\u0159\u00edt.<\/p>\n<p><strong>Sv\u00e1tost sm\u00ed\u0159en\u00ed<\/strong><\/p>\n<p>Ve zpov\u011bdn\u00ed m\u00edstnosti v\u00a0kostele je mo\u017enost p\u0159ijet\u00ed sv\u00e1tosti sm\u00ed\u0159en\u00ed p\u016fl hodiny p\u0159ede m\u0161\u00ed svatou. Jin\u00e9 term\u00edny si lze osobn\u011b domluvit.<\/p>\n<p><strong>Sv\u00e1tost nemocn\u00fdch<\/strong><\/p>\n<p>V\u00a0kostele se ud\u00edl\u00ed sv\u00e1tost nemocn\u00fdch pro v\u00edce lid\u00ed v\u00a0r\u00e1mci m\u0161e svat\u00e9 v\u00a0postn\u00ed dob\u011b. Je mo\u017en\u00e9 si osobn\u011b domluvit p\u0159ijet\u00ed t\u00e9to sv\u00e1tosti, a\u0165 ji\u017e v\u00a0kostele, na fa\u0159e, \u010di doma \/pro ty, kte\u0159\u00ed nemohou p\u0159ij\u00edt do kostela\/.<\/p>\n<p><strong>Bi\u0159mov\u00e1n\u00ed<\/strong><\/p>\n<p>P\u0159\u00edprava za\u010d\u00edn\u00e1 jednou za dva roky. V\u00a0sou\u010dasn\u00e9 dob\u011b je mo\u017en\u00e9 se je\u0161t\u011b k\u00a0prob\u00edhaj\u00edc\u00ed p\u0159\u00edprav\u011b p\u0159ipojit.<\/p>\n","protected":false},"excerpt":{"rendered":"<p>K\u0159est d\u011bt\u00ed K\u0159est je vyzn\u00e1n\u00ed v\u00edry, v\u010dlen\u011bn\u00ed do spole\u010denstv\u00ed c\u00edrkve a p\u0159ijet\u00ed v\u0161ech dar\u016f a z\u00e1vazk\u016f, kter\u00e9 z\u00a0toho vypl\u00fdvaj\u00ed. V\u00a0p\u0159\u00edpad\u011b mal\u00e9ho d\u00edt\u011bte toto rozhodnut\u00ed jeho jm\u00e9nem mohou u\u010dinit pouze rodi\u010de. Aby d\u00edt\u011b mohlo p\u0159ijmout k\u0159est, je tedy nutn\u00fd souhlas rodi\u010d\u016f nebo alespo\u0148 jednoho z\u00a0nich, p\u0159\u00edpadn\u011b t\u011bch, kte\u0159\u00ed jsou z\u00e1konn\u011b na jejich m\u00edst\u011b. Z\u00e1rove\u0148 je d\u016fle\u017eit\u00e1Continue reading &rarr;<\/p>\n","protected":false},"author":1,"featured_media":0,"parent":0,"menu_order":1,"comment_status":"closed","ping_status":"closed","template":"","meta":{"footnotes":""},"class_list":["post-56","page","type-page","status-publish","hentry","no-thumb"],"_links":{"self":[{"href":"https:\/\/www.farnostliskovec.cz\/index.php?rest_route=\/wp\/v2\/pages\/56","targetHints":{"allow":["GET"]}}],"collection":[{"href":"https:\/\/www.farnostliskovec.cz\/index.php?rest_route=\/wp\/v2\/pages"}],"about":[{"href":"https:\/\/www.farnostliskovec.cz\/index.php?rest_route=\/wp\/v2\/types\/page"}],"author":[{"embeddable":true,"href":"https:\/\/www.farnostliskovec.cz\/index.php?rest_route=\/wp\/v2\/users\/1"}],"replies":[{"embeddable":true,"href":"https:\/\/www.farnostliskovec.cz\/index.php?rest_route=%2Fwp%2Fv2%2Fcomments&post=56"}],"version-history":[{"count":5,"href":"https:\/\/www.farnostliskovec.cz\/index.php?rest_route=\/wp\/v2\/pages\/56\/revisions"}],"predecessor-version":[{"id":2273,"href":"https:\/\/www.farnostliskovec.cz\/index.php?rest_route=\/wp\/v2\/pages\/56\/revisions\/2273"}],"wp:attachment":[{"href":"https:\/\/www.farnostliskovec.cz\/index.php?rest_route=%2Fwp%2Fv2%2Fmedia&parent=56"}],"curies":[{"name":"wp","href":"https:\/\/api.w.org\/{rel}","templated":true}]}}